{"id":45181,"date":"2020-02-10T12:04:38","date_gmt":"2020-02-10T11:04:38","guid":{"rendered":"https:\/\/iif.dev.sharenow.it\/portfolio\/daikin-italia\/"},"modified":"2026-04-24T16:10:22","modified_gmt":"2026-04-24T14:10:22","slug":"daikin-italia","status":"publish","type":"project","link":"https:\/\/www.istitutoitalianodifotografia.it\/en\/portfolio\/daikin-italia\/","title":{"rendered":"DAIKIN ITALIA"},"content":{"rendered":"\n<div class=\"et_pb_section_0 et_pb_section et_section_regular et_block_section\"><div class=\"et_pb_row_0 et_pb_row et_block_row\"><div class=\"et_pb_column_0 et_pb_column et_pb_column_4_4 et-last-child et_block_column et_pb_css_mix_blend_mode_passthrough\"><div class=\"et_pb_text_0 et_pb_text et_pb_bg_layout_light et_pb_module et_block_module\"><div class=\"et_pb_text_inner\"><h2><strong><img decoding=\"async\" class=\"size-full wp-image-22285 aligncenter\" src=\"https:\/\/www.istitutoitalianodifotografia.it\/wp-content\/uploads\/2020\/02\/Daikin_Logo_product_category.jpg\" alt=\"Logo Daikin\" width=\"178\" height=\"76\" \/><\/strong><\/h2>\n<p class=\"p1\"><strong>Client:<\/strong> Daikin Italia<\/p>\n<p class=\"p1\"><strong>Project:<\/strong> Contest \u201cAir for the planet\u201d<\/p>\n<p class=\"p1\"><strong>Product:<\/strong> Photography exhibition and photobook<\/p>\n<p class=\"p1\"><strong>Description:<\/strong><\/p>\n<p class=\"p1\">The communication agency <a href=\"https:\/\/www.connexia.com\/\" target=\"_blank\" rel=\"noopener noreferrer\" data-saferedirecturl=\"https:\/\/www.google.com\/url?q=https:\/\/qa-my.daikin.eu\/internet-it\/it_it\/chi-siamo\/daikin-italia.html&amp;source=gmail&amp;ust=1581681685770000&amp;usg=AFQjCNHvCEk_nJfe_B_lU7agiOXJsPqp7g\"><strong>Connexia<\/strong><\/a> has asked Istituto Italiano di Fotografia to create a photo project for <a href=\"https:\/\/www.daikin.it\/it_it\/customers.html?gclid=CjwKCAiAp5nyBRABEiwApTwjXsgb3ByrTnUYwUVqGOUEOXzM2qnjZ45j9VaQOf9FQQMmD0wX4mCUABoCL80QAvD_BwE\">Daikin<\/a>, a company that makes air conditioners and purifiers. The <strong>project involved the students of the <a href=\"https:\/\/www.istitutoitalianodifotografia.it\/en\/course\/professional-biennial-photography-course\/\">Professional Biennial Photography Course<\/a><\/strong> and the goal was to interpret the concept <strong>\u201cair in action<\/strong>\u201d.<\/p>\n<p class=\"p1\">The photo contest was won by <strong>Tatiana Ramundo<\/strong> with a dreamy and photo called \u201c<em>Le avventure di Sazia (Full\u2019s adventures)<\/em>\u201d.<\/p>\n<p style=\"text-align: center;\"><em><img decoding=\"async\" class=\"alignnone wp-image-21036 size-medium\" src=\"https:\/\/www.istitutoitalianodifotografia.it\/wp-content\/uploads\/2020\/02\/RAMUNDO-TATIANA_DAIKIN2019_3-300x169.jpg\" alt=\"\" width=\"300\" height=\"169\" \/><\/em><\/p>\n<p style=\"text-align: center;\"><em>\"C\u2019era una volta una maglietta che giocava all\u2019aria aperta. Gironzolava per tutto il giardino finch\u00e9 non sent\u00ec un languorino apr\u00ec la bocca senza paura perch\u00e9 l\u2019aria era fresca e pura.\"<\/em><\/p>\n<p class=\"p1\" style=\"text-align: center;\"><em>\u201cOnce upon a time there was a t-shirt<br \/><\/em><em>that played in the open air.<br \/><\/em><em>She wandered around the whole garden<br \/><\/em><em>until she started feeling hungry<br \/><\/em><em>she opened her mouth, fearless<br \/><\/em><em>because the air was fresh and pure.\u201d<\/em><\/p>\n<p class=\"p1\">A selection of the photos submitted to the contest was displayed at the<strong> exhibition \u201cAir for the planet\u201d<\/strong> at Daikin Solution Campus in Milan from 3 to 15 December 2019 and was published in the <strong>exhibition catalogue<\/strong>.<\/p>\n<p class=\"p1\"><strong>Browse the photobook<\/strong> <div class=\"_3d-flip-book  fb3d-fullscreen-mode full-size\" data-id=\"22577\" data-mode=\"fullscreen\" data-title=\"false\" data-template=\"short-white-book-view\" data-lightbox=\"dark-shadow\" data-urlparam=\"fb3d-page\" data-page-n=\"0\" data-pdf=\"\" data-tax=\"null\" data-thumbnail=\"\" data-cols=\"3\" data-book-template=\"default\" data-trigger=\"\"><\/div><script type=\"text\/javascript\">window.FB3D_CLIENT_DATA = window.FB3D_CLIENT_DATA || [];FB3D_CLIENT_DATA.push('eyJwb3N0cyI6eyIyMjU3NyI6eyJJRCI6MjI1NzcsInRpdGxlIjoiSUlGLURhaWtpbl9BaXIgZm9yIHRoZSBwbGFuZXQiLCJ0eXBlIjoicGRmIiwicmVhZHlfZnVuY3Rpb24iOiIiLCJib29rX3N0eWxlIjoidm9sdW1lIiwiYm9va190ZW1wbGF0ZSI6Im5vbmUiLCJvdXRsaW5lIjpbXSwiZGF0YSI6eyJwb3N0X0lEIjoiMjEyNzkiLCJndWlkIjoiaHR0cHM6XC9cL3d3dy5pc3RpdHV0b2l0YWxpYW5vZGlmb3RvZ3JhZmlhLml0XC93cC1jb250ZW50XC91cGxvYWRzXC8yMDIwXC8wMlwvTGlicm8tRXZlbnRvX0RFRi5wZGYiLCJwZGZfcGFnZXMiOiIyOCIsInBhZ2VzX2N1c3RvbWl6YXRpb24iOiJub25lIn0sInRodW1ibmFpbCI6eyJkYXRhIjp7InBvc3RfSUQiOiIwIn0sInR5cGUiOiJhdXRvIn0sInByb3BzIjp7ImhlaWdodCI6ImF1dG8iLCJ3aWR0aCI6ImF1dG8iLCJncmF2aXR5IjoiYXV0byIsImNhY2hlZFBhZ2VzIjoiYXV0byIsInJlbmRlckluYWN0aXZlUGFnZXMiOiJhdXRvIiwicmVuZGVySW5hY3RpdmVQYWdlc09uTW9iaWxlIjoiYXV0byIsInJlbmRlcldoaWxlRmxpcHBpbmciOiJhdXRvIiwicGFnZXNGb3JQcmVkaWN0aW5nIjoiYXV0byIsInByZWxvYWRQYWdlcyI6ImF1dG8iLCJydGwiOiJhdXRvIiwic2hlZXQiOnsic3RhcnRWZWxvY2l0eSI6ImF1dG8iLCJjb3JuZXJEZXZpYXRpb24iOiJhdXRvIiwiZmxleGliaWxpdHkiOiJhdXRvIiwiZmxleGlibGVDb3JuZXIiOiJhdXRvIiwiYmVuZGluZyI6ImF1dG8iLCJ3YXZlIjoiYXV0byIsIndpZHRoVGV4ZWxzIjoiYXV0byIsImhlaWdodFRleGVscyI6ImF1dG8iLCJjb2xvciI6ImF1dG8ifSwiY292ZXIiOnsic3RhcnRWZWxvY2l0eSI6ImF1dG8iLCJmbGV4aWJpbGl0eSI6ImF1dG8iLCJmbGV4aWJsZUNvcm5lciI6ImF1dG8iLCJiZW5kaW5nIjoiYXV0byIsIndhdmUiOiJhdXRvIiwid2lkdGhUZXhlbHMiOiJhdXRvIiwiaGVpZ2h0VGV4ZWxzIjoiYXV0byIsImNvbG9yIjoiYXV0byIsImJpbmRlclRleHR1cmUiOiJhdXRvIiwiZGVwdGgiOiJhdXRvIiwicGFkZGluZyI6ImF1dG8iLCJtYXNzIjoiYXV0byJ9LCJwYWdlIjp7InN0YXJ0VmVsb2NpdHkiOiJhdXRvIiwiZmxleGliaWxpdHkiOiJhdXRvIiwiZmxleGlibGVDb3JuZXIiOiJhdXRvIiwiYmVuZGluZyI6ImF1dG8iLCJ3YXZlIjoiYXV0byIsIndpZHRoVGV4ZWxzIjoiYXV0byIsImhlaWdodFRleGVscyI6ImF1dG8iLCJjb2xvciI6ImF1dG8iLCJkZXB0aCI6ImF1dG8iLCJtYXNzIjoiYXV0byJ9fSwiY29udHJvbFByb3BzIjp7ImFjdGlvbnMiOnsiY21kU2F2ZSI6eyJlbmFibGVkIjoiYXV0byJ9LCJjbWRQcmludCI6eyJlbmFibGVkIjoiYXV0byJ9LCJjbWRTaW5nbGVQYWdlIjp7ImVuYWJsZWQiOiJhdXRvIiwiYWN0aXZlIjoiYXV0byJ9fX0sImF1dG9UaHVtYm5haWwiOm51bGwsInBvc3RfbmFtZSI6ImlpZi1kYWlraW5fYWlyLWZvci10aGUtcGxhbmV0IiwicG9zdF90eXBlIjoiM2QtZmxpcC1ib29rIn19LCJwYWdlcyI6W10sImZpcnN0UGFnZXMiOltdfQ==');window.FB3D_CLIENT_LOCALE && FB3D_CLIENT_LOCALE.render && FB3D_CLIENT_LOCALE.render();<\/script> \u00a0<\/p>\n<p class=\"p1\"><strong>Photographers: <\/strong>Beduini Cosimo | Bertoldi Davide | Binda Francesca | Brambilla Anna | Cicchetti Andrea | Cinelli Francesca | Colucci Zelinda | Conforti Edoardo | De Rosa Daniela | Fiore Sabrina | Fusilli Flavia | Grisendi Cassandra | Jankovic Alice | Kremleva Evgenia | Lombardini Riccardo | Onere Gabriele | Picciritto Irma | Pintaudi Vincenzo | Prestigiacomo Manfredi | Ramundo Tatiana | Sardiello Alessia | Secreti Giuseppe | Tencati Corino Marco<\/p>\n<\/div><\/div><div class=\"et_pb_gallery_0 et_pb_gallery et_pb_bg_layout_light et_pb_gallery_grid et_pb_module\" data-auto-rotate=\"off\" data-auto-rotate-speed=\"\"><div class=\"et_pb_gallery_items et_post_gallery clearfix et_grid_module\" data-per_page=\"18\"><div class=\"et_pb_gallery_item et_pb_grid_item et_pb_gallery_item_0_0\"><div class=\"et_pb_gallery_image landscape\" data-per_page=\"18\"><a href=\"https:\/\/www.istitutoitalianodifotografia.it\/wp-content\/uploads\/2019\/12\/RAMUNDO_TATIANA_DAIKIN2019_3-scaled.jpg\" title=\"RAMUNDO_TATIANA_DAIKIN2019_3\"><img decoding=\"async\" width=\"2560\" height=\"1440\" src=\"https:\/\/www.istitutoitalianodifotografia.it\/wp-content\/uploads\/2019\/12\/RAMUNDO_TATIANA_DAIKIN2019_3-scaled.jpg\" alt=\"Ph. Tatiana Ramundo - Le Avventure di Sazia - Daikin - IIF Milano\" class=\"wp-image-19523\" srcset=\"https:\/\/www.istitutoitalianodifotografia.it\/wp-content\/uploads\/2019\/12\/RAMUNDO_TATIANA_DAIKIN2019_3-scaled.jpg 479w, https:\/\/www.istitutoitalianodifotografia.it\/wp-content\/uploads\/2019\/12\/RAMUNDO_TATIANA_DAIKIN2019_3-scaled.jpg 480w\" sizes=\"(max-width:479px) 479px, 100vw\" \/><span class=\"et_overlay\" data-icon=\"\" data-icon-tablet=\"\" data-icon-phone=\"\"><\/span><\/a><\/div><\/div><div class=\"et_pb_gallery_item et_pb_grid_item et_pb_gallery_item_0_1\"><div class=\"et_pb_gallery_image landscape\" data-per_page=\"18\"><a href=\"https:\/\/www.istitutoitalianodifotografia.it\/wp-content\/uploads\/2020\/02\/Bertoldi-Davide-Alta-scaled.jpg\" title=\"Bertoldi Davide (Alta)\"><img decoding=\"async\" width=\"2560\" height=\"1440\" src=\"https:\/\/www.istitutoitalianodifotografia.it\/wp-content\/uploads\/2020\/02\/Bertoldi-Davide-Alta-scaled.jpg\" alt=\"Ph. Bertoldi Davide_Istituto Italiano di Fotografia - Daikin Italia\" class=\"wp-image-21003\" srcset=\"https:\/\/www.istitutoitalianodifotografia.it\/wp-content\/uploads\/2020\/02\/Bertoldi-Davide-Alta-scaled.jpg 479w, https:\/\/www.istitutoitalianodifotografia.it\/wp-content\/uploads\/2020\/02\/Bertoldi-Davide-Alta-scaled.jpg 480w\" sizes=\"(max-width:479px) 479px, 100vw\" \/><span class=\"et_overlay\" data-icon=\"\" data-icon-tablet=\"\" data-icon-phone=\"\"><\/span><\/a><\/div><\/div><div class=\"et_pb_gallery_item et_pb_grid_item et_pb_gallery_item_0_2\"><div class=\"et_pb_gallery_image landscape\" data-per_page=\"18\"><a href=\"https:\/\/www.istitutoitalianodifotografia.it\/wp-content\/uploads\/2020\/02\/CICCHETTI-ANDREA_DAIKIN2019-scaled.jpg\" title=\"CICCHETTI ANDREA_DAIKIN2019\"><img decoding=\"async\" width=\"2560\" height=\"1440\" src=\"https:\/\/www.istitutoitalianodifotografia.it\/wp-content\/uploads\/2020\/02\/CICCHETTI-ANDREA_DAIKIN2019-scaled.jpg\" alt=\"Ph. Andrea Cicchetti_Istituto Italiano di Fotografia - Daikin Italia\" class=\"wp-image-21009\" srcset=\"https:\/\/www.istitutoitalianodifotografia.it\/wp-content\/uploads\/2020\/02\/CICCHETTI-ANDREA_DAIKIN2019-scaled.jpg 479w, https:\/\/www.istitutoitalianodifotografia.it\/wp-content\/uploads\/2020\/02\/CICCHETTI-ANDREA_DAIKIN2019-scaled.jpg 480w\" sizes=\"(max-width:479px) 479px, 100vw\" \/><span class=\"et_overlay\" data-icon=\"\" data-icon-tablet=\"\" data-icon-phone=\"\"><\/span><\/a><\/div><\/div><div class=\"et_pb_gallery_item et_pb_grid_item et_pb_gallery_item_0_3\"><div class=\"et_pb_gallery_image landscape\" data-per_page=\"18\"><a href=\"https:\/\/www.istitutoitalianodifotografia.it\/wp-content\/uploads\/2020\/02\/BINDA-FRANCESCA_DAIKIN2019_2-scaled.jpg\" title=\"BINDA FRANCESCA_DAIKIN2019_2\"><img decoding=\"async\" width=\"2560\" height=\"1920\" src=\"https:\/\/www.istitutoitalianodifotografia.it\/wp-content\/uploads\/2020\/02\/BINDA-FRANCESCA_DAIKIN2019_2-scaled.jpg\" alt=\"Ph. Francesca Binda_Istituto Italiano di Fotografia - Daikin Italia\" class=\"wp-image-21005\" srcset=\"https:\/\/www.istitutoitalianodifotografia.it\/wp-content\/uploads\/2020\/02\/BINDA-FRANCESCA_DAIKIN2019_2-scaled.jpg 479w, https:\/\/www.istitutoitalianodifotografia.it\/wp-content\/uploads\/2020\/02\/BINDA-FRANCESCA_DAIKIN2019_2-scaled.jpg 480w\" sizes=\"(max-width:479px) 479px, 100vw\" \/><span class=\"et_overlay\" data-icon=\"\" data-icon-tablet=\"\" data-icon-phone=\"\"><\/span><\/a><\/div><\/div><div class=\"et_pb_gallery_item et_pb_grid_item et_pb_gallery_item_0_4\"><div class=\"et_pb_gallery_image landscape\" data-per_page=\"18\"><a href=\"https:\/\/www.istitutoitalianodifotografia.it\/wp-content\/uploads\/2020\/02\/Brambilla-Anna-1-scaled.jpg\" title=\"Brambilla Anna-1\"><img decoding=\"async\" width=\"2560\" height=\"1920\" src=\"https:\/\/www.istitutoitalianodifotografia.it\/wp-content\/uploads\/2020\/02\/Brambilla-Anna-1-scaled.jpg\" alt=\"Ph. Anna Brambilla_Istituto Italiano di Fotografia - Daikin Italia\" class=\"wp-image-21007\" srcset=\"https:\/\/www.istitutoitalianodifotografia.it\/wp-content\/uploads\/2020\/02\/Brambilla-Anna-1-scaled.jpg 479w, https:\/\/www.istitutoitalianodifotografia.it\/wp-content\/uploads\/2020\/02\/Brambilla-Anna-1-scaled.jpg 480w\" sizes=\"(max-width:479px) 479px, 100vw\" \/><span class=\"et_overlay\" data-icon=\"\" data-icon-tablet=\"\" data-icon-phone=\"\"><\/span><\/a><\/div><\/div><div class=\"et_pb_gallery_item et_pb_grid_item et_pb_gallery_item_0_5\"><div class=\"et_pb_gallery_image landscape\" data-per_page=\"18\"><a href=\"https:\/\/www.istitutoitalianodifotografia.it\/wp-content\/uploads\/2020\/02\/FIORE-SABRINA_DAIKIN2019_Notes-of-lightnes-scaled.jpg\" title=\"FIORE SABRINA_DAIKIN2019_Notes of lightnes\"><img decoding=\"async\" width=\"2560\" height=\"1920\" src=\"https:\/\/www.istitutoitalianodifotografia.it\/wp-content\/uploads\/2020\/02\/FIORE-SABRINA_DAIKIN2019_Notes-of-lightnes-scaled.jpg\" alt=\"Ph. Sabrina Fiore_Istituto Italiano di Fotografia - Daikin Italia\" class=\"wp-image-21017\" srcset=\"https:\/\/www.istitutoitalianodifotografia.it\/wp-content\/uploads\/2020\/02\/FIORE-SABRINA_DAIKIN2019_Notes-of-lightnes-scaled.jpg 479w, https:\/\/www.istitutoitalianodifotografia.it\/wp-content\/uploads\/2020\/02\/FIORE-SABRINA_DAIKIN2019_Notes-of-lightnes-scaled.jpg 480w\" sizes=\"(max-width:479px) 479px, 100vw\" \/><span class=\"et_overlay\" data-icon=\"\" data-icon-tablet=\"\" data-icon-phone=\"\"><\/span><\/a><\/div><\/div><div class=\"et_pb_gallery_item et_pb_grid_item et_pb_gallery_item_0_6\"><div class=\"et_pb_gallery_image landscape\" data-per_page=\"18\"><a href=\"https:\/\/www.istitutoitalianodifotografia.it\/wp-content\/uploads\/2020\/02\/CONFORTI-EDOARDO_DAIKIN2019_Alta-scaled.jpg\" title=\"CONFORTI EDOARDO_DAIKIN2019_Alta\"><img decoding=\"async\" width=\"2560\" height=\"1440\" src=\"https:\/\/www.istitutoitalianodifotografia.it\/wp-content\/uploads\/2020\/02\/CONFORTI-EDOARDO_DAIKIN2019_Alta-scaled.jpg\" alt=\"Ph. Edoardo Conforti_Istituto Italiano di Fotografia - Daikin Italia\" class=\"wp-image-21013\" srcset=\"https:\/\/www.istitutoitalianodifotografia.it\/wp-content\/uploads\/2020\/02\/CONFORTI-EDOARDO_DAIKIN2019_Alta-scaled.jpg 479w, https:\/\/www.istitutoitalianodifotografia.it\/wp-content\/uploads\/2020\/02\/CONFORTI-EDOARDO_DAIKIN2019_Alta-scaled.jpg 480w\" sizes=\"(max-width:479px) 479px, 100vw\" \/><span class=\"et_overlay\" data-icon=\"\" data-icon-tablet=\"\" data-icon-phone=\"\"><\/span><\/a><\/div><\/div><div class=\"et_pb_gallery_item et_pb_grid_item et_pb_gallery_item_0_7\"><div class=\"et_pb_gallery_image landscape\" data-per_page=\"18\"><a href=\"https:\/\/www.istitutoitalianodifotografia.it\/wp-content\/uploads\/2020\/02\/FUSILLI-FLAVIA_DAIKIN2019-1-scaled.jpg\" title=\"FUSILLI FLAVIA_DAIKIN2019-1\"><img decoding=\"async\" width=\"2560\" height=\"1440\" src=\"https:\/\/www.istitutoitalianodifotografia.it\/wp-content\/uploads\/2020\/02\/FUSILLI-FLAVIA_DAIKIN2019-1-scaled.jpg\" alt=\"Ph. Flavia Fusilli_Istituto Italiano di Fotografia - Daikin Italia\" class=\"wp-image-21019\" srcset=\"https:\/\/www.istitutoitalianodifotografia.it\/wp-content\/uploads\/2020\/02\/FUSILLI-FLAVIA_DAIKIN2019-1-scaled.jpg 479w, https:\/\/www.istitutoitalianodifotografia.it\/wp-content\/uploads\/2020\/02\/FUSILLI-FLAVIA_DAIKIN2019-1-scaled.jpg 480w\" sizes=\"(max-width:479px) 479px, 100vw\" \/><span class=\"et_overlay\" data-icon=\"\" data-icon-tablet=\"\" data-icon-phone=\"\"><\/span><\/a><\/div><\/div><div class=\"et_pb_gallery_item et_pb_grid_item et_pb_gallery_item_0_8\"><div class=\"et_pb_gallery_image landscape\" data-per_page=\"18\"><a href=\"https:\/\/www.istitutoitalianodifotografia.it\/wp-content\/uploads\/2020\/02\/GRISENDI-CASSANDRA_DAIKIN2019_2-scaled.jpg\" title=\"GRISENDI CASSANDRA_DAIKIN2019_2\"><img decoding=\"async\" width=\"2560\" height=\"1440\" src=\"https:\/\/www.istitutoitalianodifotografia.it\/wp-content\/uploads\/2020\/02\/GRISENDI-CASSANDRA_DAIKIN2019_2-scaled.jpg\" alt=\"Ph. Cassandra Grisendi_Istituto Italiano di Fotografia - Daikin Italia\" class=\"wp-image-21021\" srcset=\"https:\/\/www.istitutoitalianodifotografia.it\/wp-content\/uploads\/2020\/02\/GRISENDI-CASSANDRA_DAIKIN2019_2-scaled.jpg 479w, https:\/\/www.istitutoitalianodifotografia.it\/wp-content\/uploads\/2020\/02\/GRISENDI-CASSANDRA_DAIKIN2019_2-scaled.jpg 480w\" sizes=\"(max-width:479px) 479px, 100vw\" \/><span class=\"et_overlay\" data-icon=\"\" data-icon-tablet=\"\" data-icon-phone=\"\"><\/span><\/a><\/div><\/div><div class=\"et_pb_gallery_item et_pb_grid_item et_pb_gallery_item_0_9\"><div class=\"et_pb_gallery_image landscape\" data-per_page=\"18\"><a href=\"https:\/\/www.istitutoitalianodifotografia.it\/wp-content\/uploads\/2020\/02\/Onere-Gabriele_Dikin2.jpg\" title=\"Onere Gabriele_Dikin2\"><img decoding=\"async\" width=\"1594\" height=\"897\" src=\"https:\/\/www.istitutoitalianodifotografia.it\/wp-content\/uploads\/2020\/02\/Onere-Gabriele_Dikin2.jpg\" alt=\"Ph. Gabriele Onere_Istituto Italiano di Fotografia - Daikin Italia\" class=\"wp-image-21029\" srcset=\"https:\/\/www.istitutoitalianodifotografia.it\/wp-content\/uploads\/2020\/02\/Onere-Gabriele_Dikin2.jpg 479w, https:\/\/www.istitutoitalianodifotografia.it\/wp-content\/uploads\/2020\/02\/Onere-Gabriele_Dikin2.jpg 480w\" sizes=\"(max-width:479px) 479px, 100vw\" \/><span class=\"et_overlay\" data-icon=\"\" data-icon-tablet=\"\" data-icon-phone=\"\"><\/span><\/a><\/div><\/div><div class=\"et_pb_gallery_item et_pb_grid_item et_pb_gallery_item_0_10\"><div class=\"et_pb_gallery_image landscape\" data-per_page=\"18\"><a href=\"https:\/\/www.istitutoitalianodifotografia.it\/wp-content\/uploads\/2020\/02\/PICCITTO-IRMA_DAIKIN2019-2-scaled.jpg\" title=\"PICCITTO IRMA_DAIKIN2019--2\"><img decoding=\"async\" width=\"2560\" height=\"1440\" src=\"https:\/\/www.istitutoitalianodifotografia.it\/wp-content\/uploads\/2020\/02\/PICCITTO-IRMA_DAIKIN2019-2-scaled.jpg\" alt=\"Ph. Irma Piccitto_Istituto Italiano di Fotografia - Daikin Italia\" class=\"wp-image-21031\" srcset=\"https:\/\/www.istitutoitalianodifotografia.it\/wp-content\/uploads\/2020\/02\/PICCITTO-IRMA_DAIKIN2019-2-scaled.jpg 479w, https:\/\/www.istitutoitalianodifotografia.it\/wp-content\/uploads\/2020\/02\/PICCITTO-IRMA_DAIKIN2019-2-scaled.jpg 480w\" sizes=\"(max-width:479px) 479px, 100vw\" \/><span class=\"et_overlay\" data-icon=\"\" data-icon-tablet=\"\" data-icon-phone=\"\"><\/span><\/a><\/div><\/div><div class=\"et_pb_gallery_item et_pb_grid_item et_pb_gallery_item_0_11\"><div class=\"et_pb_gallery_image landscape\" data-per_page=\"18\"><a href=\"https:\/\/www.istitutoitalianodifotografia.it\/wp-content\/uploads\/2020\/02\/Secreti-Giuseppe_FlyToYourDreams.jpg\" title=\"Secreti Giuseppe_FlyToYourDreams\"><img decoding=\"async\" width=\"1500\" height=\"844\" src=\"https:\/\/www.istitutoitalianodifotografia.it\/wp-content\/uploads\/2020\/02\/Secreti-Giuseppe_FlyToYourDreams.jpg\" alt=\"Ph. Giuseppe Secreti_Istituto Italiano di Fotografia - Daikin Italia\" class=\"wp-image-21041\" srcset=\"https:\/\/www.istitutoitalianodifotografia.it\/wp-content\/uploads\/2020\/02\/Secreti-Giuseppe_FlyToYourDreams.jpg 479w, https:\/\/www.istitutoitalianodifotografia.it\/wp-content\/uploads\/2020\/02\/Secreti-Giuseppe_FlyToYourDreams.jpg 480w\" sizes=\"(max-width:479px) 479px, 100vw\" \/><span class=\"et_overlay\" data-icon=\"\" data-icon-tablet=\"\" data-icon-phone=\"\"><\/span><\/a><\/div><\/div><div class=\"et_pb_gallery_item et_pb_grid_item et_pb_gallery_item_0_12\"><div class=\"et_pb_gallery_image landscape\" data-per_page=\"18\"><a href=\"https:\/\/www.istitutoitalianodifotografia.it\/wp-content\/uploads\/2020\/02\/Pintaudi-Vincenzo_Daikin2019-scaled.jpg\" title=\"Pintaudi Vincenzo_Daikin2019\"><img decoding=\"async\" width=\"2560\" height=\"1707\" src=\"https:\/\/www.istitutoitalianodifotografia.it\/wp-content\/uploads\/2020\/02\/Pintaudi-Vincenzo_Daikin2019-scaled.jpg\" alt=\"Ph. Vincenzo Pintaudi_Istituto Italiano di Fotografia - Daikin Italia\" class=\"wp-image-21033\" srcset=\"https:\/\/www.istitutoitalianodifotografia.it\/wp-content\/uploads\/2020\/02\/Pintaudi-Vincenzo_Daikin2019-scaled.jpg 479w, https:\/\/www.istitutoitalianodifotografia.it\/wp-content\/uploads\/2020\/02\/Pintaudi-Vincenzo_Daikin2019-scaled.jpg 480w\" sizes=\"(max-width:479px) 479px, 100vw\" \/><span class=\"et_overlay\" data-icon=\"\" data-icon-tablet=\"\" data-icon-phone=\"\"><\/span><\/a><\/div><\/div><div class=\"et_pb_gallery_item et_pb_grid_item et_pb_gallery_item_0_13\"><div class=\"et_pb_gallery_image landscape\" data-per_page=\"18\"><a href=\"https:\/\/www.istitutoitalianodifotografia.it\/wp-content\/uploads\/2020\/02\/TENCATI-MARCO_DAIKIN2019-2-scaled.jpg\" title=\"TENCATI MARCO_DAIKIN2019 (2)\"><img decoding=\"async\" width=\"2560\" height=\"1920\" src=\"https:\/\/www.istitutoitalianodifotografia.it\/wp-content\/uploads\/2020\/02\/TENCATI-MARCO_DAIKIN2019-2-scaled.jpg\" alt=\"Ph. Marco Tencati Corino_Istituto Italiano di Fotografia - Daikin Italia\" class=\"wp-image-21043\" srcset=\"https:\/\/www.istitutoitalianodifotografia.it\/wp-content\/uploads\/2020\/02\/TENCATI-MARCO_DAIKIN2019-2-scaled.jpg 479w, https:\/\/www.istitutoitalianodifotografia.it\/wp-content\/uploads\/2020\/02\/TENCATI-MARCO_DAIKIN2019-2-scaled.jpg 480w\" sizes=\"(max-width:479px) 479px, 100vw\" \/><span class=\"et_overlay\" data-icon=\"\" data-icon-tablet=\"\" data-icon-phone=\"\"><\/span><\/a><\/div><\/div><div class=\"et_pb_gallery_item et_pb_grid_item et_pb_gallery_item_0_14\"><div class=\"et_pb_gallery_image landscape\" data-per_page=\"18\"><a href=\"https:\/\/www.istitutoitalianodifotografia.it\/wp-content\/uploads\/2020\/02\/Sardiello-Alessia_daikin2019_incondizionatamente-scaled.jpg\" title=\"Sardiello Alessia_daikin2019_incondizionatamente\"><img decoding=\"async\" width=\"2560\" height=\"1707\" src=\"https:\/\/www.istitutoitalianodifotografia.it\/wp-content\/uploads\/2020\/02\/Sardiello-Alessia_daikin2019_incondizionatamente-scaled.jpg\" alt=\"Ph. Alessia Sardiello_Istituto Italiano di Fotografia - Daikin Italia\" class=\"wp-image-21039\" srcset=\"https:\/\/www.istitutoitalianodifotografia.it\/wp-content\/uploads\/2020\/02\/Sardiello-Alessia_daikin2019_incondizionatamente-scaled.jpg 479w, https:\/\/www.istitutoitalianodifotografia.it\/wp-content\/uploads\/2020\/02\/Sardiello-Alessia_daikin2019_incondizionatamente-scaled.jpg 480w\" sizes=\"(max-width:479px) 479px, 100vw\" \/><span class=\"et_overlay\" data-icon=\"\" data-icon-tablet=\"\" data-icon-phone=\"\"><\/span><\/a><\/div><\/div><div class=\"et_pb_gallery_item et_pb_grid_item et_pb_gallery_item_0_15\"><div class=\"et_pb_gallery_image landscape\" data-per_page=\"18\"><a href=\"https:\/\/www.istitutoitalianodifotografia.it\/wp-content\/uploads\/2020\/02\/PRESTIGIACOMO-MANFREDI_DAIKIN2019_LOW_QUALITY.jpg\" title=\"PRESTIGIACOMO MANFREDI_DAIKIN2019_LOW_QUALITY\"><img decoding=\"async\" width=\"1024\" height=\"576\" src=\"https:\/\/www.istitutoitalianodifotografia.it\/wp-content\/uploads\/2020\/02\/PRESTIGIACOMO-MANFREDI_DAIKIN2019_LOW_QUALITY.jpg\" alt=\"Ph. Manfredi Prestigiacomo_Istituto Italiano di Fotografia - Daikin Italia\" class=\"wp-image-21035\" srcset=\"https:\/\/www.istitutoitalianodifotografia.it\/wp-content\/uploads\/2020\/02\/PRESTIGIACOMO-MANFREDI_DAIKIN2019_LOW_QUALITY.jpg 479w, https:\/\/www.istitutoitalianodifotografia.it\/wp-content\/uploads\/2020\/02\/PRESTIGIACOMO-MANFREDI_DAIKIN2019_LOW_QUALITY.jpg 480w\" sizes=\"(max-width:479px) 479px, 100vw\" \/><span class=\"et_overlay\" data-icon=\"\" data-icon-tablet=\"\" data-icon-phone=\"\"><\/span><\/a><\/div><\/div><div class=\"et_pb_gallery_item et_pb_grid_item et_pb_gallery_item_0_16\"><div class=\"et_pb_gallery_image landscape\" data-per_page=\"18\"><a href=\"https:\/\/www.istitutoitalianodifotografia.it\/wp-content\/uploads\/2020\/02\/Beduini-Cosimo_Alta_1-scaled.jpg\" title=\"Beduini Cosimo_Alta_1\"><img decoding=\"async\" width=\"2560\" height=\"1440\" src=\"https:\/\/www.istitutoitalianodifotografia.it\/wp-content\/uploads\/2020\/02\/Beduini-Cosimo_Alta_1-scaled.jpg\" alt=\"Ph. Beduini Cosimo_Istituto Italiano di Fotografia - Daikin Italia\" class=\"wp-image-21001\" srcset=\"https:\/\/www.istitutoitalianodifotografia.it\/wp-content\/uploads\/2020\/02\/Beduini-Cosimo_Alta_1-scaled.jpg 479w, https:\/\/www.istitutoitalianodifotografia.it\/wp-content\/uploads\/2020\/02\/Beduini-Cosimo_Alta_1-scaled.jpg 480w\" sizes=\"(max-width:479px) 479px, 100vw\" \/><span class=\"et_overlay\" data-icon=\"\" data-icon-tablet=\"\" data-icon-phone=\"\"><\/span><\/a><\/div><\/div><div class=\"et_pb_gallery_item et_pb_grid_item et_pb_gallery_item_0_17\"><div class=\"et_pb_gallery_image landscape\" data-per_page=\"18\"><a href=\"https:\/\/www.istitutoitalianodifotografia.it\/wp-content\/uploads\/2020\/02\/Jankovic-Alice-DAIKIN2019_altarisoluzione-scaled.jpg\" title=\"Jankovic Alice DAIKIN2019_altarisoluzione\"><img decoding=\"async\" width=\"2560\" height=\"887\" src=\"https:\/\/www.istitutoitalianodifotografia.it\/wp-content\/uploads\/2020\/02\/Jankovic-Alice-DAIKIN2019_altarisoluzione-scaled.jpg\" alt=\"Ph. Jankovic Alice_Istituto Italiano di Fotografia - Daikin Italia\" class=\"wp-image-21023\" srcset=\"https:\/\/www.istitutoitalianodifotografia.it\/wp-content\/uploads\/2020\/02\/Jankovic-Alice-DAIKIN2019_altarisoluzione-scaled.jpg 479w, https:\/\/www.istitutoitalianodifotografia.it\/wp-content\/uploads\/2020\/02\/Jankovic-Alice-DAIKIN2019_altarisoluzione-scaled.jpg 480w\" sizes=\"(max-width:479px) 479px, 100vw\" \/><span class=\"et_overlay\" data-icon=\"\" data-icon-tablet=\"\" data-icon-phone=\"\"><\/span><\/a><\/div><\/div><\/div><\/div><\/div><\/div><\/div>\n","protected":false},"excerpt":{"rendered":"<p>The communication agency Connexia has asked Istituto Italiano di Fotografia to create a photo project for Daikin, a company that makes air conditioners and purifiers. The project involved the students of the Professional Biennial Photography Course and the goal was to interpret the concept \u201cair in action\u201d.<\/p>\n","protected":false},"author":2,"featured_media":21037,"comment_status":"closed","ping_status":"closed","template":"","meta":{"_acf_changed":false,"content-type":"","footnotes":""},"project_category":[220,223],"project_tag":[],"class_list":["post-45181","project","type-project","status-publish","has-post-thumbnail","hentry","project_category-commercial","project_category-interpretation-of-a-concept"],"acf":[],"yoast_head":"<!-- This site is optimized with the Yoast SEO Premium plugin v27.4 (Yoast SEO v27.5) - https:\/\/yoast.com\/product\/yoast-seo-premium-wordpress\/ -->\n<title>DAIKIN ITALIA - Istituto Italiano di Fotografia<\/title>\n<meta name=\"description\" content=\"The communication agency Connexia has asked Istituto Italiano di Fotografia to create a photo project for Daikin, a company that makes air conditioners and purifiers. The project involved the students of the Professional Biennial Photography Course and the goal was to interpret the concept \u201cair in action\u201d.\" \/>\n<meta name=\"robots\" content=\"index, follow, max-snippet:-1, max-image-preview:large, max-video-preview:-1\" \/>\n<link rel=\"canonical\" href=\"https:\/\/www.istitutoitalianodifotografia.it\/en\/portfolio\/daikin-italia\/\" \/>\n<meta property=\"og:locale\" content=\"en_US\" \/>\n<meta property=\"og:type\" content=\"article\" \/>\n<meta property=\"og:title\" content=\"DAIKIN ITALIA - Istituto Italiano di Fotografia\" \/>\n<meta property=\"og:description\" content=\"The communication agency Connexia has asked Istituto Italiano di Fotografia to create a photo project for Daikin, a company that makes air conditioners and purifiers. The project involved the students of the Professional Biennial Photography Course and the goal was to interpret the concept \u201cair in action\u201d.\" \/>\n<meta property=\"og:url\" content=\"https:\/\/www.istitutoitalianodifotografia.it\/en\/portfolio\/daikin-italia\/\" \/>\n<meta property=\"og:site_name\" content=\"Istituto Italiano di Fotografia\" \/>\n<meta property=\"article:publisher\" content=\"http:\/\/www.facebook.com\/IstitutoItalianodiFotografia\" \/>\n<meta property=\"article:modified_time\" content=\"2026-04-24T14:10:22+00:00\" \/>\n<meta property=\"og:image\" content=\"https:\/\/www.istitutoitalianodifotografia.it\/wp-content\/uploads\/2020\/02\/RAMUNDO-TATIANA_DAIKIN2019_3-scaled.jpg\" \/>\n\t<meta property=\"og:image:width\" content=\"2560\" \/>\n\t<meta property=\"og:image:height\" content=\"1440\" \/>\n\t<meta property=\"og:image:type\" content=\"image\/jpeg\" \/>\n<meta name=\"twitter:card\" content=\"summary_large_image\" \/>\n<script type=\"application\/ld+json\" class=\"yoast-schema-graph\">{\"@context\":\"https:\\\/\\\/schema.org\",\"@graph\":[{\"@type\":\"WebPage\",\"@id\":\"https:\\\/\\\/www.istitutoitalianodifotografia.it\\\/en\\\/portfolio\\\/daikin-italia\\\/\",\"url\":\"https:\\\/\\\/www.istitutoitalianodifotografia.it\\\/en\\\/portfolio\\\/daikin-italia\\\/\",\"name\":\"DAIKIN ITALIA - Istituto Italiano di Fotografia\",\"isPartOf\":{\"@id\":\"https:\\\/\\\/www.istitutoitalianodifotografia.it\\\/en\\\/#website\"},\"primaryImageOfPage\":{\"@id\":\"https:\\\/\\\/www.istitutoitalianodifotografia.it\\\/en\\\/portfolio\\\/daikin-italia\\\/#primaryimage\"},\"image\":{\"@id\":\"https:\\\/\\\/www.istitutoitalianodifotografia.it\\\/en\\\/portfolio\\\/daikin-italia\\\/#primaryimage\"},\"thumbnailUrl\":\"https:\\\/\\\/www.istitutoitalianodifotografia.it\\\/wp-content\\\/uploads\\\/2020\\\/02\\\/RAMUNDO-TATIANA_DAIKIN2019_3-scaled.jpg\",\"datePublished\":\"2020-02-10T11:04:38+00:00\",\"dateModified\":\"2026-04-24T14:10:22+00:00\",\"description\":\"The communication agency Connexia has asked Istituto Italiano di Fotografia to create a photo project for Daikin, a company that makes air conditioners and purifiers. The project involved the students of the Professional Biennial Photography Course and the goal was to interpret the concept \u201cair in action\u201d.\",\"breadcrumb\":{\"@id\":\"https:\\\/\\\/www.istitutoitalianodifotografia.it\\\/en\\\/portfolio\\\/daikin-italia\\\/#breadcrumb\"},\"inLanguage\":\"en-US\",\"potentialAction\":[{\"@type\":\"ReadAction\",\"target\":[\"https:\\\/\\\/www.istitutoitalianodifotografia.it\\\/en\\\/portfolio\\\/daikin-italia\\\/\"]}]},{\"@type\":\"ImageObject\",\"inLanguage\":\"en-US\",\"@id\":\"https:\\\/\\\/www.istitutoitalianodifotografia.it\\\/en\\\/portfolio\\\/daikin-italia\\\/#primaryimage\",\"url\":\"https:\\\/\\\/www.istitutoitalianodifotografia.it\\\/wp-content\\\/uploads\\\/2020\\\/02\\\/RAMUNDO-TATIANA_DAIKIN2019_3-scaled.jpg\",\"contentUrl\":\"https:\\\/\\\/www.istitutoitalianodifotografia.it\\\/wp-content\\\/uploads\\\/2020\\\/02\\\/RAMUNDO-TATIANA_DAIKIN2019_3-scaled.jpg\",\"width\":2560,\"height\":1440,\"caption\":\"Ph. Tatiana Ramundo_Istituto Italiano di Fotografia\"},{\"@type\":\"BreadcrumbList\",\"@id\":\"https:\\\/\\\/www.istitutoitalianodifotografia.it\\\/en\\\/portfolio\\\/daikin-italia\\\/#breadcrumb\",\"itemListElement\":[{\"@type\":\"ListItem\",\"position\":1,\"name\":\"Home\",\"item\":\"https:\\\/\\\/www.istitutoitalianodifotografia.it\\\/en\\\/\"},{\"@type\":\"ListItem\",\"position\":2,\"name\":\"Projects\",\"item\":\"https:\\\/\\\/www.istitutoitalianodifotografia.it\\\/en\\\/portfolio\\\/\"},{\"@type\":\"ListItem\",\"position\":3,\"name\":\"Agenzia di produzione\",\"item\":\"https:\\\/\\\/www.istitutoitalianodifotografia.it\\\/project_category\\\/agenzia-di-produzione\\\/\"},{\"@type\":\"ListItem\",\"position\":4,\"name\":\"Commercial\",\"item\":\"https:\\\/\\\/www.istitutoitalianodifotografia.it\\\/en\\\/project_category\\\/commercial\\\/\"},{\"@type\":\"ListItem\",\"position\":5,\"name\":\"Interpretation of a concept\",\"item\":\"https:\\\/\\\/www.istitutoitalianodifotografia.it\\\/en\\\/project_category\\\/interpretation-of-a-concept\\\/\"},{\"@type\":\"ListItem\",\"position\":6,\"name\":\"DAIKIN ITALIA\"}]},{\"@type\":\"WebSite\",\"@id\":\"https:\\\/\\\/www.istitutoitalianodifotografia.it\\\/en\\\/#website\",\"url\":\"https:\\\/\\\/www.istitutoitalianodifotografia.it\\\/en\\\/\",\"name\":\"Istituto Italiano di Fotografia\",\"description\":\"Corsi di formazione, mostre e pubblicazioni, produzioni fotografiche a Milano\",\"publisher\":{\"@id\":\"https:\\\/\\\/www.istitutoitalianodifotografia.it\\\/en\\\/#organization\"},\"alternateName\":\"Istituto Italiano di Fotografia\",\"potentialAction\":[{\"@type\":\"SearchAction\",\"target\":{\"@type\":\"EntryPoint\",\"urlTemplate\":\"https:\\\/\\\/www.istitutoitalianodifotografia.it\\\/en\\\/?s={search_term_string}\"},\"query-input\":{\"@type\":\"PropertyValueSpecification\",\"valueRequired\":true,\"valueName\":\"search_term_string\"}}],\"inLanguage\":\"en-US\"},{\"@type\":[\"Organization\",\"Place\",\"CollegeOrUniversity\"],\"@id\":\"https:\\\/\\\/www.istitutoitalianodifotografia.it\\\/en\\\/#organization\",\"name\":\"Istituto Italiano di Fotografia\",\"alternateName\":\"Istituto Italiano di Fotografia\",\"url\":\"https:\\\/\\\/www.istitutoitalianodifotografia.it\\\/en\\\/\",\"logo\":{\"@id\":\"https:\\\/\\\/www.istitutoitalianodifotografia.it\\\/en\\\/portfolio\\\/daikin-italia\\\/#local-main-organization-logo\"},\"image\":{\"@id\":\"https:\\\/\\\/www.istitutoitalianodifotografia.it\\\/en\\\/portfolio\\\/daikin-italia\\\/#local-main-organization-logo\"},\"sameAs\":[\"http:\\\/\\\/www.facebook.com\\\/IstitutoItalianodiFotografia\",\"http:\\\/\\\/instagram.com\\\/istitutoitalianodifotografia\",\"https:\\\/\\\/www.linkedin.com\\\/school\\\/istituto-italiano-di-fotografia\\\/\",\"http:\\\/\\\/www.youtube.com\\\/channel\\\/UCc2ldaFl4XHKwy-SFSdwrQA\"],\"description\":\"IIF \u00e8 molto di pi\u00f9 di un\u2019accademia di fotografia o di un istituto di fotografia. \u00c8 il centro della fotografia professionale a Milano, un vero e proprio punto d\u2019incontro fra talento e mercato. Se non sai orientarti fra le migliori scuole di fotografia o cerchi un\u2019agenzia fotografica, pubblicazioni fotografiche, produzioni fotografiche, mostre fotografiche, chiamaci allo +39 02 58105598 per un appuntamento.\",\"legalName\":\"Istituto Italiano di Fotografia srl\",\"address\":{\"@id\":\"https:\\\/\\\/www.istitutoitalianodifotografia.it\\\/en\\\/portfolio\\\/daikin-italia\\\/#local-main-place-address\"},\"geo\":{\"@type\":\"GeoCoordinates\",\"latitude\":\"45.443532\",\"longitude\":\"9.2298275\"},\"telephone\":[\"+390258105598\",\"+393939016300\"],\"openingHoursSpecification\":[{\"@type\":\"OpeningHoursSpecification\",\"dayOfWeek\":[\"Monday\",\"Tuesday\",\"Wednesday\",\"Thursday\",\"Friday\"],\"opens\":\"09:00\",\"closes\":\"18:00\"},{\"@type\":\"OpeningHoursSpecification\",\"dayOfWeek\":[\"Saturday\",\"Sunday\"],\"opens\":\"00:00\",\"closes\":\"00:00\"}],\"email\":\"info@iifmilano.com\",\"vatID\":\"IT10863240155\",\"taxID\":\"IT10863240155\"},{\"@type\":\"PostalAddress\",\"@id\":\"https:\\\/\\\/www.istitutoitalianodifotografia.it\\\/en\\\/portfolio\\\/daikin-italia\\\/#local-main-place-address\",\"streetAddress\":\"Via Enrico Caviglia 3\",\"addressLocality\":\"Milano\",\"postalCode\":\"20139\",\"addressRegion\":\"Italy\",\"addressCountry\":\"IT\"},{\"@type\":\"ImageObject\",\"inLanguage\":\"en-US\",\"@id\":\"https:\\\/\\\/www.istitutoitalianodifotografia.it\\\/en\\\/portfolio\\\/daikin-italia\\\/#local-main-organization-logo\",\"url\":\"https:\\\/\\\/www.istitutoitalianodifotografia.it\\\/wp-content\\\/uploads\\\/2022\\\/12\\\/LOGO-IIF_acr_fondo-nero-1.png\",\"contentUrl\":\"https:\\\/\\\/www.istitutoitalianodifotografia.it\\\/wp-content\\\/uploads\\\/2022\\\/12\\\/LOGO-IIF_acr_fondo-nero-1.png\",\"width\":975,\"height\":967,\"caption\":\"Istituto Italiano di Fotografia\"}]}<\/script>\n<meta name=\"geo.placename\" content=\"Milano\" \/>\n<meta name=\"geo.position\" content=\"45.443532;9.2298275\" \/>\n<meta name=\"geo.region\" content=\"Italy\" \/>\n<!-- \/ Yoast SEO Premium plugin. -->","yoast_head_json":{"title":"DAIKIN ITALIA - Istituto Italiano di Fotografia","description":"The communication agency Connexia has asked Istituto Italiano di Fotografia to create a photo project for Daikin, a company that makes air conditioners and purifiers. The project involved the students of the Professional Biennial Photography Course and the goal was to interpret the concept \u201cair in action\u201d.","robots":{"index":"index","follow":"follow","max-snippet":"max-snippet:-1","max-image-preview":"max-image-preview:large","max-video-preview":"max-video-preview:-1"},"canonical":"https:\/\/www.istitutoitalianodifotografia.it\/en\/portfolio\/daikin-italia\/","og_locale":"en_US","og_type":"article","og_title":"DAIKIN ITALIA - Istituto Italiano di Fotografia","og_description":"The communication agency Connexia has asked Istituto Italiano di Fotografia to create a photo project for Daikin, a company that makes air conditioners and purifiers. The project involved the students of the Professional Biennial Photography Course and the goal was to interpret the concept \u201cair in action\u201d.","og_url":"https:\/\/www.istitutoitalianodifotografia.it\/en\/portfolio\/daikin-italia\/","og_site_name":"Istituto Italiano di Fotografia","article_publisher":"http:\/\/www.facebook.com\/IstitutoItalianodiFotografia","article_modified_time":"2026-04-24T14:10:22+00:00","og_image":[{"width":2560,"height":1440,"url":"https:\/\/www.istitutoitalianodifotografia.it\/wp-content\/uploads\/2020\/02\/RAMUNDO-TATIANA_DAIKIN2019_3-scaled.jpg","type":"image\/jpeg"}],"twitter_card":"summary_large_image","schema":{"@context":"https:\/\/schema.org","@graph":[{"@type":"WebPage","@id":"https:\/\/www.istitutoitalianodifotografia.it\/en\/portfolio\/daikin-italia\/","url":"https:\/\/www.istitutoitalianodifotografia.it\/en\/portfolio\/daikin-italia\/","name":"DAIKIN ITALIA - Istituto Italiano di Fotografia","isPartOf":{"@id":"https:\/\/www.istitutoitalianodifotografia.it\/en\/#website"},"primaryImageOfPage":{"@id":"https:\/\/www.istitutoitalianodifotografia.it\/en\/portfolio\/daikin-italia\/#primaryimage"},"image":{"@id":"https:\/\/www.istitutoitalianodifotografia.it\/en\/portfolio\/daikin-italia\/#primaryimage"},"thumbnailUrl":"https:\/\/www.istitutoitalianodifotografia.it\/wp-content\/uploads\/2020\/02\/RAMUNDO-TATIANA_DAIKIN2019_3-scaled.jpg","datePublished":"2020-02-10T11:04:38+00:00","dateModified":"2026-04-24T14:10:22+00:00","description":"The communication agency Connexia has asked Istituto Italiano di Fotografia to create a photo project for Daikin, a company that makes air conditioners and purifiers. The project involved the students of the Professional Biennial Photography Course and the goal was to interpret the concept \u201cair in action\u201d.","breadcrumb":{"@id":"https:\/\/www.istitutoitalianodifotografia.it\/en\/portfolio\/daikin-italia\/#breadcrumb"},"inLanguage":"en-US","potentialAction":[{"@type":"ReadAction","target":["https:\/\/www.istitutoitalianodifotografia.it\/en\/portfolio\/daikin-italia\/"]}]},{"@type":"ImageObject","inLanguage":"en-US","@id":"https:\/\/www.istitutoitalianodifotografia.it\/en\/portfolio\/daikin-italia\/#primaryimage","url":"https:\/\/www.istitutoitalianodifotografia.it\/wp-content\/uploads\/2020\/02\/RAMUNDO-TATIANA_DAIKIN2019_3-scaled.jpg","contentUrl":"https:\/\/www.istitutoitalianodifotografia.it\/wp-content\/uploads\/2020\/02\/RAMUNDO-TATIANA_DAIKIN2019_3-scaled.jpg","width":2560,"height":1440,"caption":"Ph. Tatiana Ramundo_Istituto Italiano di Fotografia"},{"@type":"BreadcrumbList","@id":"https:\/\/www.istitutoitalianodifotografia.it\/en\/portfolio\/daikin-italia\/#breadcrumb","itemListElement":[{"@type":"ListItem","position":1,"name":"Home","item":"https:\/\/www.istitutoitalianodifotografia.it\/en\/"},{"@type":"ListItem","position":2,"name":"Projects","item":"https:\/\/www.istitutoitalianodifotografia.it\/en\/portfolio\/"},{"@type":"ListItem","position":3,"name":"Agenzia di produzione","item":"https:\/\/www.istitutoitalianodifotografia.it\/project_category\/agenzia-di-produzione\/"},{"@type":"ListItem","position":4,"name":"Commercial","item":"https:\/\/www.istitutoitalianodifotografia.it\/en\/project_category\/commercial\/"},{"@type":"ListItem","position":5,"name":"Interpretation of a concept","item":"https:\/\/www.istitutoitalianodifotografia.it\/en\/project_category\/interpretation-of-a-concept\/"},{"@type":"ListItem","position":6,"name":"DAIKIN ITALIA"}]},{"@type":"WebSite","@id":"https:\/\/www.istitutoitalianodifotografia.it\/en\/#website","url":"https:\/\/www.istitutoitalianodifotografia.it\/en\/","name":"Istituto Italiano di Fotografia","description":"Corsi di formazione, mostre e pubblicazioni, produzioni fotografiche a Milano","publisher":{"@id":"https:\/\/www.istitutoitalianodifotografia.it\/en\/#organization"},"alternateName":"Istituto Italiano di Fotografia","potentialAction":[{"@type":"SearchAction","target":{"@type":"EntryPoint","urlTemplate":"https:\/\/www.istitutoitalianodifotografia.it\/en\/?s={search_term_string}"},"query-input":{"@type":"PropertyValueSpecification","valueRequired":true,"valueName":"search_term_string"}}],"inLanguage":"en-US"},{"@type":["Organization","Place","CollegeOrUniversity"],"@id":"https:\/\/www.istitutoitalianodifotografia.it\/en\/#organization","name":"Istituto Italiano di Fotografia","alternateName":"Istituto Italiano di Fotografia","url":"https:\/\/www.istitutoitalianodifotografia.it\/en\/","logo":{"@id":"https:\/\/www.istitutoitalianodifotografia.it\/en\/portfolio\/daikin-italia\/#local-main-organization-logo"},"image":{"@id":"https:\/\/www.istitutoitalianodifotografia.it\/en\/portfolio\/daikin-italia\/#local-main-organization-logo"},"sameAs":["http:\/\/www.facebook.com\/IstitutoItalianodiFotografia","http:\/\/instagram.com\/istitutoitalianodifotografia","https:\/\/www.linkedin.com\/school\/istituto-italiano-di-fotografia\/","http:\/\/www.youtube.com\/channel\/UCc2ldaFl4XHKwy-SFSdwrQA"],"description":"IIF \u00e8 molto di pi\u00f9 di un\u2019accademia di fotografia o di un istituto di fotografia. \u00c8 il centro della fotografia professionale a Milano, un vero e proprio punto d\u2019incontro fra talento e mercato. Se non sai orientarti fra le migliori scuole di fotografia o cerchi un\u2019agenzia fotografica, pubblicazioni fotografiche, produzioni fotografiche, mostre fotografiche, chiamaci allo +39 02 58105598 per un appuntamento.","legalName":"Istituto Italiano di Fotografia srl","address":{"@id":"https:\/\/www.istitutoitalianodifotografia.it\/en\/portfolio\/daikin-italia\/#local-main-place-address"},"geo":{"@type":"GeoCoordinates","latitude":"45.443532","longitude":"9.2298275"},"telephone":["+390258105598","+393939016300"],"openingHoursSpecification":[{"@type":"OpeningHoursSpecification","dayOfWeek":["Monday","Tuesday","Wednesday","Thursday","Friday"],"opens":"09:00","closes":"18:00"},{"@type":"OpeningHoursSpecification","dayOfWeek":["Saturday","Sunday"],"opens":"00:00","closes":"00:00"}],"email":"info@iifmilano.com","vatID":"IT10863240155","taxID":"IT10863240155"},{"@type":"PostalAddress","@id":"https:\/\/www.istitutoitalianodifotografia.it\/en\/portfolio\/daikin-italia\/#local-main-place-address","streetAddress":"Via Enrico Caviglia 3","addressLocality":"Milano","postalCode":"20139","addressRegion":"Italy","addressCountry":"IT"},{"@type":"ImageObject","inLanguage":"en-US","@id":"https:\/\/www.istitutoitalianodifotografia.it\/en\/portfolio\/daikin-italia\/#local-main-organization-logo","url":"https:\/\/www.istitutoitalianodifotografia.it\/wp-content\/uploads\/2022\/12\/LOGO-IIF_acr_fondo-nero-1.png","contentUrl":"https:\/\/www.istitutoitalianodifotografia.it\/wp-content\/uploads\/2022\/12\/LOGO-IIF_acr_fondo-nero-1.png","width":975,"height":967,"caption":"Istituto Italiano di Fotografia"}]},"geo.placename":"Milano","geo.position":{"lat":"45.443532","long":"9.2298275"},"geo.region":"Italy"},"_links":{"self":[{"href":"https:\/\/www.istitutoitalianodifotografia.it\/en\/wp-json\/wp\/v2\/project\/45181","targetHints":{"allow":["GET"]}}],"collection":[{"href":"https:\/\/www.istitutoitalianodifotografia.it\/en\/wp-json\/wp\/v2\/project"}],"about":[{"href":"https:\/\/www.istitutoitalianodifotografia.it\/en\/wp-json\/wp\/v2\/types\/project"}],"author":[{"embeddable":true,"href":"https:\/\/www.istitutoitalianodifotografia.it\/en\/wp-json\/wp\/v2\/users\/2"}],"replies":[{"embeddable":true,"href":"https:\/\/www.istitutoitalianodifotografia.it\/en\/wp-json\/wp\/v2\/comments?post=45181"}],"version-history":[{"count":1,"href":"https:\/\/www.istitutoitalianodifotografia.it\/en\/wp-json\/wp\/v2\/project\/45181\/revisions"}],"predecessor-version":[{"id":58737,"href":"https:\/\/www.istitutoitalianodifotografia.it\/en\/wp-json\/wp\/v2\/project\/45181\/revisions\/58737"}],"wp:featuredmedia":[{"embeddable":true,"href":"https:\/\/www.istitutoitalianodifotografia.it\/en\/wp-json\/wp\/v2\/media\/21037"}],"wp:attachment":[{"href":"https:\/\/www.istitutoitalianodifotografia.it\/en\/wp-json\/wp\/v2\/media?parent=45181"}],"wp:term":[{"taxonomy":"project_category","embeddable":true,"href":"https:\/\/www.istitutoitalianodifotografia.it\/en\/wp-json\/wp\/v2\/project_category?post=45181"},{"taxonomy":"project_tag","embeddable":true,"href":"https:\/\/www.istitutoitalianodifotografia.it\/en\/wp-json\/wp\/v2\/project_tag?post=45181"}],"curies":[{"name":"wp","href":"https:\/\/api.w.org\/{rel}","templated":true}]}}